{"id":6416,"date":"2020-01-22T10:43:41","date_gmt":"2020-01-22T13:43:41","guid":{"rendered":"http:\/\/www.granitos.com\/site\/?page_id=6416"},"modified":"2021-07-13T12:47:22","modified_gmt":"2021-07-13T15:47:22","slug":"mobiliario-design","status":"publish","type":"page","link":"https:\/\/www.granitos.com\/site\/mobiliario-design\/","title":{"rendered":"MOBILI\u00c1RIO DESIGN"},"content":{"rendered":"<section class=\"wpb-content-wrapper\"><p>[vc_row row_content_width=&#8221;grid&#8221; css=&#8221;.vc_custom_1539260945628{padding-top: 93px !important;padding-bottom: 118px !important;}&#8221;][vc_column width=&#8221;1\/4&#8243;]<div class=\"mkdf-elements-holder   mkdf-one-column  mkdf-responsive-mode-768 \" ><div class=\"mkdf-eh-item    \"  data-item-class=\"mkdf-eh-custom-2616\" data-1367-1600=\"0px 0%\" data-1025-1366=\"0px 0%\" data-769-1024=\"0px 4% 0px 0%\" data-681-768=\"2px 0%\" data-680=\"5px 0%\">\n\t<div class=\"mkdf-eh-item-inner\">\n\t\t<div class=\"mkdf-eh-item-content mkdf-eh-custom-2616\" style=\"padding: 0px 4% 0px 0%\">\n\t\t\t[vc_column_text]<strong>A uni\u00e3o perfeita entre\u00a0 a pedra e o m\u00f3vel.<\/strong>[\/vc_column_text]\t\t<\/div>\n\t<\/div>\n<\/div><\/div>[\/vc_column][vc_column width=&#8221;3\/4&#8243;]<div class=\"mkdf-elements-holder   mkdf-one-column  mkdf-responsive-mode-768 \" ><div class=\"mkdf-eh-item    \"  data-item-class=\"mkdf-eh-custom-3086\" data-1367-1600=\"0px 0%\" data-1025-1366=\"0px 0%\" data-769-1024=\"0px 4% 0px 0%\" data-681-768=\"2px 0%\" data-680=\"5px 0%\">\n\t<div class=\"mkdf-eh-item-inner\">\n\t\t<div class=\"mkdf-eh-item-content mkdf-eh-custom-3086\" style=\"padding: 0px 4% 0px 0%\">\n\t\t\t[vc_column_text]Uma das maiores tend\u00eancias atuais no design de interiores e arquitetura \u00e9 presen\u00e7a da natureza em ambientes internos. Esse movimento come\u00e7ou com o uso cada vez maior de plantas no decor culminando na combina\u00e7\u00e3o de elementos naturais para criar contrastes inusitados e harm\u00f4nicos. Gra\u00e7as aos seu esplendor natural, as pedras surgem como uma excelente proposta em superf\u00edcies de mobili\u00e1rios gerando propostas \u00fanicas:[\/vc_column_text]\t\t<\/div>\n\t<\/div>\n<\/div><\/div>[\/vc_column][\/vc_row][vc_row][vc_column]<div class=\"mkdf-elements-holder   mkdf-one-column  mkdf-responsive-mode-768 \" ><div class=\"mkdf-eh-item    \"  data-item-class=\"mkdf-eh-custom-6244\">\n\t<div class=\"mkdf-eh-item-inner\">\n\t\t<div class=\"mkdf-eh-item-content mkdf-eh-custom-6244\" >\n\t\t\t<div class=\"mkdf-portfolio-list-holder mkdf-grid-list mkdf-disable-bottom-space mkdf-pl-gallery mkdf-two-columns mkdf-normal-space mkdf-pl-standard-shader    mkdf-pl-pag-no-pagination        \"  data-type=gallery data-number-of-columns=two data-space-between-items=normal data-number-of-items=-1 data-image-proportions=square data-enable-fixed-proportions=no data-enable-image-shadow=no data-category=mobiliario-design data-orderby=date data-order=DESC data-item-style=standard-shader data-enable-title=yes data-title-tag=h4 data-enable-category=no data-enable-count-images=yes data-enable-excerpt=no data-excerpt-length=20 data-pagination-type=no-pagination data-filter=no data-filter-order-by=name data-enable-article-animation=no data-enable-light-skin=no data-enable-parallax=no data-portfolio-slider-on=no data-enable-loop=yes data-enable-autoplay=yes data-slider-speed=5000 data-slider-speed-animation=600 data-enable-navigation=yes data-enable-pagination=yes data-max-num-pages=0 data-next-page=2>\n\t\n    \n        <div class=\"mkdf-pl-inner mkdf-outer-space  clearfix\">\n\n            \n<article class=\"mkdf-pl-item mkdf-item-space  post-7491 portfolio-item type-portfolio-item status-publish has-post-thumbnail hentry portfolio-category-mobiliario-design\">\n\t<div class=\"mkdf-pl-item-inner\" data-parallax=\"\">\n\t\t\r\n\t<div class=\"mkdf-pli-image\">\r\n\t\t<img width=\"650\" height=\"650\" src=\"https:\/\/www.granitos.com\/site\/wp-content\/uploads\/2025\/06\/DSC01606_ajuste-2-650x650.png\" class=\"attachment-quart_mikado_image_square size-quart_mikado_image_square wp-post-image\" alt=\"\" loading=\"lazy\" srcset=\"https:\/\/www.granitos.com\/site\/wp-content\/uploads\/2025\/06\/DSC01606_ajuste-2-650x650.png 650w, https:\/\/www.granitos.com\/site\/wp-content\/uploads\/2025\/06\/DSC01606_ajuste-2-150x150.png 150w, https:\/\/www.granitos.com\/site\/wp-content\/uploads\/2025\/06\/DSC01606_ajuste-2-1300x1300.png 1300w\" sizes=\"(max-width: 650px) 100vw, 650px\" \/>\t<\/div>\r\n\r\n\n<div class=\"mkdf-pli-text-holder\" >\n\t<div class=\"mkdf-pli-text-wrapper\">\n\t\t<div class=\"mkdf-pli-text\">\n\t\t\t\n\t\t\t\t<h4 itemprop=\"name\" class=\"mkdf-pli-title entry-title\" >\n\t\tCuba 360\u00ba\t<\/h4>\n\n\t\t\t\t\t<\/div>\n\t<\/div>\n<\/div>\n\t\t<a itemprop=\"url\" class=\"mkdf-pli-link mkdf-block-drag-link\" href=\"https:\/\/www.granitos.com\/site\/portfolio-item\/cuba360\/\" target=\"_self\"><\/a>\n\t<\/div>\n\n\t<\/article>\n<article class=\"mkdf-pl-item mkdf-item-space  post-7459 portfolio-item type-portfolio-item status-publish has-post-thumbnail hentry portfolio-category-mobiliario-design\">\n\t<div class=\"mkdf-pl-item-inner\" data-parallax=\"\">\n\t\t\r\n\t<div class=\"mkdf-pli-image\">\r\n\t\t<img width=\"650\" height=\"650\" src=\"https:\/\/www.granitos.com\/site\/wp-content\/uploads\/2025\/05\/DSC00019-ajuste-650x650.png\" class=\"attachment-quart_mikado_image_square size-quart_mikado_image_square wp-post-image\" alt=\"\" loading=\"lazy\" srcset=\"https:\/\/www.granitos.com\/site\/wp-content\/uploads\/2025\/05\/DSC00019-ajuste-650x650.png 650w, https:\/\/www.granitos.com\/site\/wp-content\/uploads\/2025\/05\/DSC00019-ajuste-150x150.png 150w, https:\/\/www.granitos.com\/site\/wp-content\/uploads\/2025\/05\/DSC00019-ajuste-1300x1300.png 1300w\" sizes=\"(max-width: 650px) 100vw, 650px\" \/>\t<\/div>\r\n\r\n\n<div class=\"mkdf-pli-text-holder\" >\n\t<div class=\"mkdf-pli-text-wrapper\">\n\t\t<div class=\"mkdf-pli-text\">\n\t\t\t\n\t\t\t\t<h4 itemprop=\"name\" class=\"mkdf-pli-title entry-title\" >\n\t\tShowhouse Jader Almeida\t<\/h4>\n\n\t\t\t\t\t<\/div>\n\t<\/div>\n<\/div>\n\t\t<a itemprop=\"url\" class=\"mkdf-pli-link mkdf-block-drag-link\" href=\"https:\/\/www.granitos.com\/site\/portfolio-item\/jader-almeida\/\" target=\"_self\"><\/a>\n\t<\/div>\n\n\t<\/article>\n<article class=\"mkdf-pl-item mkdf-item-space  post-7448 portfolio-item type-portfolio-item status-publish has-post-thumbnail hentry portfolio-category-mobiliario-design\">\n\t<div class=\"mkdf-pl-item-inner\" data-parallax=\"\">\n\t\t\r\n\t<div class=\"mkdf-pli-image\">\r\n\t\t<img width=\"650\" height=\"650\" src=\"https:\/\/www.granitos.com\/site\/wp-content\/uploads\/2025\/05\/DSC09789-ajuste-650x650.png\" class=\"attachment-quart_mikado_image_square size-quart_mikado_image_square wp-post-image\" alt=\"\" loading=\"lazy\" srcset=\"https:\/\/www.granitos.com\/site\/wp-content\/uploads\/2025\/05\/DSC09789-ajuste-650x650.png 650w, https:\/\/www.granitos.com\/site\/wp-content\/uploads\/2025\/05\/DSC09789-ajuste-150x150.png 150w, https:\/\/www.granitos.com\/site\/wp-content\/uploads\/2025\/05\/DSC09789-ajuste-1300x1300.png 1300w\" sizes=\"(max-width: 650px) 100vw, 650px\" \/>\t<\/div>\r\n\r\n\n<div class=\"mkdf-pli-text-holder\" >\n\t<div class=\"mkdf-pli-text-wrapper\">\n\t\t<div class=\"mkdf-pli-text\">\n\t\t\t\n\t\t\t\t<h4 itemprop=\"name\" class=\"mkdf-pli-title entry-title\" >\n\t\tStand Tramontina\t<\/h4>\n\n\t\t\t\t\t<\/div>\n\t<\/div>\n<\/div>\n\t\t<a itemprop=\"url\" class=\"mkdf-pli-link mkdf-block-drag-link\" href=\"https:\/\/www.granitos.com\/site\/portfolio-item\/stand-tramontina\/\" target=\"_self\"><\/a>\n\t<\/div>\n\n\t<\/article>\n<article class=\"mkdf-pl-item mkdf-item-space  post-7399 portfolio-item type-portfolio-item status-publish has-post-thumbnail hentry portfolio-category-mobiliario-design\">\n\t<div class=\"mkdf-pl-item-inner\" data-parallax=\"\">\n\t\t\r\n\t<div class=\"mkdf-pli-image\">\r\n\t\t<img width=\"650\" height=\"650\" src=\"https:\/\/www.granitos.com\/site\/wp-content\/uploads\/2024\/07\/granitos_guaiba_colection_01-650x650.jpeg\" class=\"attachment-quart_mikado_image_square size-quart_mikado_image_square wp-post-image\" alt=\"\" loading=\"lazy\" srcset=\"https:\/\/www.granitos.com\/site\/wp-content\/uploads\/2024\/07\/granitos_guaiba_colection_01-650x650.jpeg 650w, https:\/\/www.granitos.com\/site\/wp-content\/uploads\/2024\/07\/granitos_guaiba_colection_01-150x150.jpeg 150w, https:\/\/www.granitos.com\/site\/wp-content\/uploads\/2024\/07\/granitos_guaiba_colection_01-1300x1300.jpeg 1300w\" sizes=\"(max-width: 650px) 100vw, 650px\" \/>\t<\/div>\r\n\r\n\n<div class=\"mkdf-pli-text-holder\" >\n\t<div class=\"mkdf-pli-text-wrapper\">\n\t\t<div class=\"mkdf-pli-text\">\n\t\t\t\n\t\t\t\t<h4 itemprop=\"name\" class=\"mkdf-pli-title entry-title\" >\n\t\tGua\u00edba Collection\t<\/h4>\n\n\t\t\t\t\t<\/div>\n\t<\/div>\n<\/div>\n\t\t<a itemprop=\"url\" class=\"mkdf-pli-link mkdf-block-drag-link\" href=\"https:\/\/www.granitos.com\/site\/portfolio-item\/guaiba-collection\/\" target=\"_self\"><\/a>\n\t<\/div>\n\n\t<\/article>\n<article class=\"mkdf-pl-item mkdf-item-space  post-7398 portfolio-item type-portfolio-item status-publish has-post-thumbnail hentry portfolio-category-mobiliario-design\">\n\t<div class=\"mkdf-pl-item-inner\" data-parallax=\"\">\n\t\t\r\n\t<div class=\"mkdf-pli-image\">\r\n\t\t<img width=\"650\" height=\"650\" src=\"https:\/\/www.granitos.com\/site\/wp-content\/uploads\/2024\/07\/granitos_organogenic_09-650x650.jpeg\" class=\"attachment-quart_mikado_image_square size-quart_mikado_image_square wp-post-image\" alt=\"\" loading=\"lazy\" srcset=\"https:\/\/www.granitos.com\/site\/wp-content\/uploads\/2024\/07\/granitos_organogenic_09-650x650.jpeg 650w, https:\/\/www.granitos.com\/site\/wp-content\/uploads\/2024\/07\/granitos_organogenic_09-150x150.jpeg 150w, https:\/\/www.granitos.com\/site\/wp-content\/uploads\/2024\/07\/granitos_organogenic_09-1300x1300.jpeg 1300w\" sizes=\"(max-width: 650px) 100vw, 650px\" \/>\t<\/div>\r\n\r\n\n<div class=\"mkdf-pli-text-holder\" >\n\t<div class=\"mkdf-pli-text-wrapper\">\n\t\t<div class=\"mkdf-pli-text\">\n\t\t\t\n\t\t\t\t<h4 itemprop=\"name\" class=\"mkdf-pli-title entry-title\" >\n\t\tOrganogenic Collection\t<\/h4>\n\n\t\t\t\t\t<\/div>\n\t<\/div>\n<\/div>\n\t\t<a itemprop=\"url\" class=\"mkdf-pli-link mkdf-block-drag-link\" href=\"https:\/\/www.granitos.com\/site\/portfolio-item\/organogenic-collection\/\" target=\"_self\"><\/a>\n\t<\/div>\n\n\t<\/article>\n<article class=\"mkdf-pl-item mkdf-item-space  post-7397 portfolio-item type-portfolio-item status-publish has-post-thumbnail hentry portfolio-category-mobiliario-design\">\n\t<div class=\"mkdf-pl-item-inner\" data-parallax=\"\">\n\t\t\r\n\t<div class=\"mkdf-pli-image\">\r\n\t\t<img width=\"650\" height=\"650\" src=\"https:\/\/www.granitos.com\/site\/wp-content\/uploads\/2024\/07\/granitos_box_evviva_02-650x650.jpeg\" class=\"attachment-quart_mikado_image_square size-quart_mikado_image_square wp-post-image\" alt=\"\" loading=\"lazy\" srcset=\"https:\/\/www.granitos.com\/site\/wp-content\/uploads\/2024\/07\/granitos_box_evviva_02-650x650.jpeg 650w, https:\/\/www.granitos.com\/site\/wp-content\/uploads\/2024\/07\/granitos_box_evviva_02-150x150.jpeg 150w, https:\/\/www.granitos.com\/site\/wp-content\/uploads\/2024\/07\/granitos_box_evviva_02-1300x1300.jpeg 1300w\" sizes=\"(max-width: 650px) 100vw, 650px\" \/>\t<\/div>\r\n\r\n\n<div class=\"mkdf-pli-text-holder\" >\n\t<div class=\"mkdf-pli-text-wrapper\">\n\t\t<div class=\"mkdf-pli-text\">\n\t\t\t\n\t\t\t\t<h4 itemprop=\"name\" class=\"mkdf-pli-title entry-title\" >\n\t\tProjeto Box Evviva\t<\/h4>\n\n\t\t\t\t\t<\/div>\n\t<\/div>\n<\/div>\n\t\t<a itemprop=\"url\" class=\"mkdf-pli-link mkdf-block-drag-link\" href=\"https:\/\/www.granitos.com\/site\/portfolio-item\/projeto-box-evviva\/\" target=\"_self\"><\/a>\n\t<\/div>\n\n\t<\/article>\n<article class=\"mkdf-pl-item mkdf-item-space  post-7391 portfolio-item type-portfolio-item status-publish has-post-thumbnail hentry portfolio-category-mobiliario-design\">\n\t<div class=\"mkdf-pl-item-inner\" data-parallax=\"\">\n\t\t\r\n\t<div class=\"mkdf-pli-image\">\r\n\t\t<img width=\"650\" height=\"650\" src=\"https:\/\/www.granitos.com\/site\/wp-content\/uploads\/2024\/07\/granitos_massimo_08-650x650.jpeg\" class=\"attachment-quart_mikado_image_square size-quart_mikado_image_square wp-post-image\" alt=\"\" loading=\"lazy\" srcset=\"https:\/\/www.granitos.com\/site\/wp-content\/uploads\/2024\/07\/granitos_massimo_08-650x650.jpeg 650w, https:\/\/www.granitos.com\/site\/wp-content\/uploads\/2024\/07\/granitos_massimo_08-150x150.jpeg 150w, https:\/\/www.granitos.com\/site\/wp-content\/uploads\/2024\/07\/granitos_massimo_08-1300x1300.jpeg 1300w\" sizes=\"(max-width: 650px) 100vw, 650px\" \/>\t<\/div>\r\n\r\n\n<div class=\"mkdf-pli-text-holder\" >\n\t<div class=\"mkdf-pli-text-wrapper\">\n\t\t<div class=\"mkdf-pli-text\">\n\t\t\t\n\t\t\t\t<h4 itemprop=\"name\" class=\"mkdf-pli-title entry-title\" >\n\t\tProjeto Massimo\t<\/h4>\n\n\t\t\t\t\t<\/div>\n\t<\/div>\n<\/div>\n\t\t<a itemprop=\"url\" class=\"mkdf-pli-link mkdf-block-drag-link\" href=\"https:\/\/www.granitos.com\/site\/portfolio-item\/projeto-massimo\/\" target=\"_self\"><\/a>\n\t<\/div>\n\n\t<\/article>\n<article class=\"mkdf-pl-item mkdf-item-space  post-660 portfolio-item type-portfolio-item status-publish has-post-thumbnail hentry portfolio-category-capa portfolio-category-mobiliario-design\">\n\t<div class=\"mkdf-pl-item-inner\" data-parallax=\"\">\n\t\t\r\n\t<div class=\"mkdf-pli-image\">\r\n\t\t<img width=\"650\" height=\"650\" src=\"https:\/\/www.granitos.com\/site\/wp-content\/uploads\/2018\/10\/f53_1-650x650.jpg\" class=\"attachment-quart_mikado_image_square size-quart_mikado_image_square wp-post-image\" alt=\"\" loading=\"lazy\" srcset=\"https:\/\/www.granitos.com\/site\/wp-content\/uploads\/2018\/10\/f53_1-650x650.jpg 650w, https:\/\/www.granitos.com\/site\/wp-content\/uploads\/2018\/10\/f53_1-150x150.jpg 150w\" sizes=\"(max-width: 650px) 100vw, 650px\" \/>\t<\/div>\r\n\r\n\n<div class=\"mkdf-pli-text-holder\" >\n\t<div class=\"mkdf-pli-text-wrapper\">\n\t\t<div class=\"mkdf-pli-text\">\n\t\t\t\n\t\t\t\t<h4 itemprop=\"name\" class=\"mkdf-pli-title entry-title\" >\n\t\tf53\t<\/h4>\n\n\t\t\t\t\t<\/div>\n\t<\/div>\n<\/div>\n\t\t<a itemprop=\"url\" class=\"mkdf-pli-link mkdf-block-drag-link\" href=\"https:\/\/www.granitos.com\/site\/portfolio-item\/f53\/\" target=\"_self\"><\/a>\n\t<\/div>\n\n\t<\/article>\n<article class=\"mkdf-pl-item mkdf-item-space  post-761 portfolio-item type-portfolio-item status-publish has-post-thumbnail hentry portfolio-category-mobiliario-design\">\n\t<div class=\"mkdf-pl-item-inner\" data-parallax=\"\">\n\t\t\r\n\t<div class=\"mkdf-pli-image\">\r\n\t\t<img width=\"650\" height=\"650\" src=\"https:\/\/www.granitos.com\/site\/wp-content\/uploads\/2018\/10\/Casa-Cor-Miami-01-650x650.jpg\" class=\"attachment-quart_mikado_image_square size-quart_mikado_image_square wp-post-image\" alt=\"\" loading=\"lazy\" srcset=\"https:\/\/www.granitos.com\/site\/wp-content\/uploads\/2018\/10\/Casa-Cor-Miami-01-650x650.jpg 650w, https:\/\/www.granitos.com\/site\/wp-content\/uploads\/2018\/10\/Casa-Cor-Miami-01-150x150.jpg 150w, https:\/\/www.granitos.com\/site\/wp-content\/uploads\/2018\/10\/Casa-Cor-Miami-01-1300x1300.jpg 1300w\" sizes=\"(max-width: 650px) 100vw, 650px\" \/>\t<\/div>\r\n\r\n\n<div class=\"mkdf-pli-text-holder\" >\n\t<div class=\"mkdf-pli-text-wrapper\">\n\t\t<div class=\"mkdf-pli-text\">\n\t\t\t\n\t\t\t\t<h4 itemprop=\"name\" class=\"mkdf-pli-title entry-title\" >\n\t\tCasa Cor &#8211; Miami\t<\/h4>\n\n\t\t\t\t\t<\/div>\n\t<\/div>\n<\/div>\n\t\t<a itemprop=\"url\" class=\"mkdf-pli-link mkdf-block-drag-link\" href=\"https:\/\/www.granitos.com\/site\/portfolio-item\/casa-cor-miami\/\" target=\"_self\"><\/a>\n\t<\/div>\n\n\t<\/article>\n<article class=\"mkdf-pl-item mkdf-item-space  post-736 portfolio-item type-portfolio-item status-publish has-post-thumbnail hentry portfolio-category-mobiliario-design\">\n\t<div class=\"mkdf-pl-item-inner\" data-parallax=\"\">\n\t\t\r\n\t<div class=\"mkdf-pli-image\">\r\n\t\t<img width=\"650\" height=\"650\" src=\"https:\/\/www.granitos.com\/site\/wp-content\/uploads\/2018\/10\/Clarissa-Zanatta-01-650x650.jpg\" class=\"attachment-quart_mikado_image_square size-quart_mikado_image_square wp-post-image\" alt=\"\" loading=\"lazy\" srcset=\"https:\/\/www.granitos.com\/site\/wp-content\/uploads\/2018\/10\/Clarissa-Zanatta-01-650x650.jpg 650w, https:\/\/www.granitos.com\/site\/wp-content\/uploads\/2018\/10\/Clarissa-Zanatta-01-150x150.jpg 150w, https:\/\/www.granitos.com\/site\/wp-content\/uploads\/2018\/10\/Clarissa-Zanatta-01-1300x1300.jpg 1300w\" sizes=\"(max-width: 650px) 100vw, 650px\" \/>\t<\/div>\r\n\r\n\n<div class=\"mkdf-pli-text-holder\" >\n\t<div class=\"mkdf-pli-text-wrapper\">\n\t\t<div class=\"mkdf-pli-text\">\n\t\t\t\n\t\t\t\t<h4 itemprop=\"name\" class=\"mkdf-pli-title entry-title\" >\n\t\tClarissa Zanatta\t<\/h4>\n\n\t\t\t\t\t<\/div>\n\t<\/div>\n<\/div>\n\t\t<a itemprop=\"url\" class=\"mkdf-pli-link mkdf-block-drag-link\" href=\"https:\/\/www.granitos.com\/site\/portfolio-item\/clarissa-zanatta\/\" target=\"_self\"><\/a>\n\t<\/div>\n\n\t<\/article>        <\/div>\n\n    \t\n\t<\/div>\t\t<\/div>\n\t<\/div>\n<\/div><\/div>[\/vc_column][\/vc_row]<\/p>\n<\/section>","protected":false},"excerpt":{"rendered":"<p>[vc_row row_content_width=&#8221;grid&#8221; css=&#8221;.vc_custom_1539260945628{padding-top: 93px !important;padding-bottom: 118px !important;}&#8221;][vc_column width=&#8221;1\/4&#8243;][\/vc_column][vc_column width=&#8221;3\/4&#8243;][\/vc_column][\/vc_row][vc_row][vc_column][\/vc_column][\/vc_row]<\/p>\n","protected":false},"author":1,"featured_media":0,"parent":0,"menu_order":0,"comment_status":"closed","ping_status":"closed","template":"","meta":[],"_links":{"self":[{"href":"https:\/\/www.granitos.com\/site\/wp-json\/wp\/v2\/pages\/6416"}],"collection":[{"href":"https:\/\/www.granitos.com\/site\/wp-json\/wp\/v2\/pages"}],"about":[{"href":"https:\/\/www.granitos.com\/site\/wp-json\/wp\/v2\/types\/page"}],"author":[{"embeddable":true,"href":"https:\/\/www.granitos.com\/site\/wp-json\/wp\/v2\/users\/1"}],"replies":[{"embeddable":true,"href":"https:\/\/www.granitos.com\/site\/wp-json\/wp\/v2\/comments?post=6416"}],"version-history":[{"count":6,"href":"https:\/\/www.granitos.com\/site\/wp-json\/wp\/v2\/pages\/6416\/revisions"}],"predecessor-version":[{"id":7019,"href":"https:\/\/www.granitos.com\/site\/wp-json\/wp\/v2\/pages\/6416\/revisions\/7019"}],"wp:attachment":[{"href":"https:\/\/www.granitos.com\/site\/wp-json\/wp\/v2\/media?parent=6416"}],"curies":[{"name":"wp","href":"https:\/\/api.w.org\/{rel}","templated":true}]}}